{"id":88168,"date":"2025-09-25T14:57:16","date_gmt":"2025-09-25T12:57:16","guid":{"rendered":"https:\/\/ps-fr.ch\/evenement\/mitgliederversammlung-23\/"},"modified":"2025-09-25T14:57:16","modified_gmt":"2025-09-25T12:57:16","slug":"mitgliederversammlung-23","status":"publish","type":"tribe_events","link":"https:\/\/ps-fr.ch\/de\/evenement\/mitgliederversammlung-23\/","title":{"rendered":"Mitgliederversammlung"},"content":{"rendered":"<p>Der Sanierungsplan (PSKF) ist das grosse Dossier dieses Herbstes und l\u00f6st in der Bev\u00f6lkerung heftige Reaktionen aus. Er wird Anfang Oktober im Grossrat diskutiert, damit ein endg\u00fcltiger Entwurf verabschiedet werden kann. <\/p>\n<p>In diesem Zusammenhang hat der Vorstand es f\u00fcr notwendig erachtet, rasch eine Mitgliederversammlung einzuberufen, um Stellung zum vom Staatsrat vorgeschlagenen Sanierungsplan zu beziehen und \u00fcber die Lancierung eines allf\u00e4lligen Referendums zu entscheiden.<\/p>\n<p>Komm und lass deine Stimme h\u00f6ren!<\/p>\n","protected":false},"excerpt":{"rendered":"<p>Der Sanierungsplan (PSKF) ist das grosse Dossier dieses Herbstes und l\u00f6st in der Bev\u00f6lkerung heftige Reaktionen aus. Er wird Anfang Oktober im Grossrat diskutiert, damit ein endg\u00fcltiger Entwurf verabschiedet werden [&hellip;]<\/p>\n","protected":false},"author":9,"featured_media":0,"template":"","meta":{"_tribe_events_status":"","_tribe_events_status_reason":"","_tribe_events_is_hybrid":"","_tribe_events_is_virtual":"","_tribe_events_virtual_video_source":"","_tribe_events_virtual_embed_video":"","_tribe_events_virtual_linked_button_text":"","_tribe_events_virtual_linked_button":"","_tribe_events_virtual_show_embed_at":"","_tribe_events_virtual_show_embed_to":[],"_tribe_events_virtual_show_on_event":"","_tribe_events_virtual_show_on_views":"","_tribe_events_virtual_url":"","footnotes":""},"tags":[],"tribe_events_cat":[],"class_list":["post-88168","tribe_events","type-tribe_events","status-publish","hentry"],"_links":{"self":[{"href":"https:\/\/ps-fr.ch\/de\/wp-json\/wp\/v2\/tribe_events\/88168","targetHints":{"allow":["GET"]}}],"collection":[{"href":"https:\/\/ps-fr.ch\/de\/wp-json\/wp\/v2\/tribe_events"}],"about":[{"href":"https:\/\/ps-fr.ch\/de\/wp-json\/wp\/v2\/types\/tribe_events"}],"author":[{"embeddable":true,"href":"https:\/\/ps-fr.ch\/de\/wp-json\/wp\/v2\/users\/9"}],"version-history":[{"count":0,"href":"https:\/\/ps-fr.ch\/de\/wp-json\/wp\/v2\/tribe_events\/88168\/revisions"}],"wp:attachment":[{"href":"https:\/\/ps-fr.ch\/de\/wp-json\/wp\/v2\/media?parent=88168"}],"wp:term":[{"taxonomy":"post_tag","embeddable":true,"href":"https:\/\/ps-fr.ch\/de\/wp-json\/wp\/v2\/tags?post=88168"},{"taxonomy":"tribe_events_cat","embeddable":true,"href":"https:\/\/ps-fr.ch\/de\/wp-json\/wp\/v2\/tribe_events_cat?post=88168"}],"curies":[{"name":"wp","href":"https:\/\/api.w.org\/{rel}","templated":true}]}}